{"id":15,"date":"2014-04-11T10:10:53","date_gmt":"2014-04-11T07:10:53","guid":{"rendered":"http:\/\/www.palm-e.ee\/?page_id=15"},"modified":"2014-12-22T12:52:42","modified_gmt":"2014-12-22T10:52:42","slug":"firmast","status":"publish","type":"page","link":"https:\/\/palm-e.ee\/et\/","title":{"rendered":"Firmast"},"content":{"rendered":"<pre><span style=\"line-height: 1.5em;\">Ettev\u00f5te tegutseb alates 2001. aastast. Perioodi jooksul on toimunud pidev ja stabiilne areng. Kollektiiv koosneb t\u00e4nasel p\u00e4eval kolmest inimesest.Teeme pidevat koost\u00f6\u00f6d erinevate\r\ninsenerib\u00fcroodega ja sisekujundajatega.<\/span><\/pre>\n<pre style=\"text-align: justify;\">Meie peamiseks eesm\u00e4rgiks on pakkuda uudseid arhitektuurseid ja tehnilisi lahendusi, mis kontseptuaalselt tuginevad \u00fcmbruskonna ja terviklikkuse anal\u00fc\u00fcsile ( v\u00f5tmeisikuks \r\nj\u00e4\u00e4b siiski Tellija ). Ettev\u00f5tte poliitika on olnud algusest saati kliendikeskne, ei kasutata teistkordselt sama projekti teistel objektidel. \r\nProjekteeritakse EESTI STANDARD EVS 811:2012 j\u00e4rgi.<\/pre>\n<pre style=\"text-align: justify;\">Ettev\u00f5te projekteerimishaare h\u00f5lmab: eramuid, rida-korterelamuid, \u00fchiskondlikke- ja eriotstarbelisi hooneid, detailplaneeringuid, sisekujundusi, v\u00e4ikevorme.<\/pre>\n<pre style=\"text-align: justify;\">Ettev\u00f5tte kuulub EESTI PROJEKTB\u00dcROODE LIITU. Eero Palm omab kutsetunnistust VOLITATUD ARHITEKT VII ja kuulub EESTI ARHITEKTIDE LIITU.<\/pre>\n<pre style=\"text-align: justify;\">Omame kliendile lisagarantiiks igal aastal pikendatavat VASTUTUSKINDLUSTUST.<\/pre>\n<pre style=\"text-align: justify;\">K\u00f5ik tehtud t\u00f6\u00f6d ja pildid on autorikaitse all, ei tohi kasutada ilma kirjaliku n\u00f5usolekuta juhatuse poolt.<\/pre>\n","protected":false},"excerpt":{"rendered":"<p>Ettev\u00f5te tegutseb alates 2001. aastast. Perioodi jooksul on toimunud pidev ja stabiilne areng. Kollektiiv koosneb t\u00e4nasel p\u00e4eval kolmest inimesest.Teeme pidevat koost\u00f6\u00f6d erinevate insenerib\u00fcroodega ja sisekujundajatega. Meie peamiseks eesm\u00e4rgiks on pakkuda uudseid arhitektuurseid ja tehnilisi lahendusi, mis kontseptuaalselt tuginevad \u00fcmbruskonna ja terviklikkuse anal\u00fc\u00fcsile ( v\u00f5tmeisikuks j\u00e4\u00e4b siiski Tellija ). Ettev\u00f5tte poliitika on olnud algusest saati kliendikeskne, [&hellip;]<\/p>\n","protected":false},"author":1,"featured_media":0,"parent":0,"menu_order":4,"comment_status":"closed","ping_status":"closed","template":"","meta":{"_acf_changed":false,"footnotes":""},"class_list":["post-15","page","type-page","status-publish","hentry"],"acf":[],"_links":{"self":[{"href":"https:\/\/palm-e.ee\/et\/wp-json\/wp\/v2\/pages\/15"}],"collection":[{"href":"https:\/\/palm-e.ee\/et\/wp-json\/wp\/v2\/pages"}],"about":[{"href":"https:\/\/palm-e.ee\/et\/wp-json\/wp\/v2\/types\/page"}],"author":[{"embeddable":true,"href":"https:\/\/palm-e.ee\/et\/wp-json\/wp\/v2\/users\/1"}],"replies":[{"embeddable":true,"href":"https:\/\/palm-e.ee\/et\/wp-json\/wp\/v2\/comments?post=15"}],"version-history":[{"count":18,"href":"https:\/\/palm-e.ee\/et\/wp-json\/wp\/v2\/pages\/15\/revisions"}],"predecessor-version":[{"id":2069,"href":"https:\/\/palm-e.ee\/et\/wp-json\/wp\/v2\/pages\/15\/revisions\/2069"}],"wp:attachment":[{"href":"https:\/\/palm-e.ee\/et\/wp-json\/wp\/v2\/media?parent=15"}],"curies":[{"name":"wp","href":"https:\/\/api.w.org\/{rel}","templated":true}]}}